{"id":279,"date":"2020-12-14T18:44:10","date_gmt":"2020-12-14T17:44:10","guid":{"rendered":"http:\/\/cem.sciencespo-lille.eu\/?page_id=279"},"modified":"2022-12-16T09:59:10","modified_gmt":"2022-12-16T08:59:10","slug":"conferences-organisees-par-la-majeure-cem","status":"publish","type":"page","link":"https:\/\/cem.sciencespo-lille.eu\/index.php\/conferences-organisees-par-la-majeure-cem\/","title":{"rendered":"Conf\u00e9rences organis\u00e9es par la majeure CeM"},"content":{"rendered":"\n<h2 class=\"wp-block-heading\">Conf\u00e9rences organis\u00e9es par la majeure CeM<\/h2>\n\n\n\n<p>Chaque semestre, les ambassadeurs et ambassadrices de la majeure CeM organisent des&nbsp;<strong>projets<\/strong>, des&nbsp;<strong>conf\u00e9rences&nbsp;<\/strong>et des&nbsp;<strong>ap\u00e9ros professionnels<\/strong>&nbsp;visant \u00e0 pr\u00e9senter les parcours et m\u00e9tiers accessibles apr\u00e8s votre formation \u00e0 Sciences Po Lille.<\/p>\n\n\n\n<p>Au programme :&nbsp;<strong>t\u00e9moignages d\u2019alumni<\/strong>, de<strong>&nbsp;professionnels&nbsp;<\/strong>et&nbsp;<strong>professionnelles<\/strong>,<strong>&nbsp;\u00e9changes&nbsp;<\/strong>et&nbsp;<strong>r\u00e9ponses \u00e0 toutes vos questions<\/strong>&nbsp;!<\/p>\n\n\n\n<p>Ces rencontres sont r\u00e9alis\u00e9es en coop\u00e9ration avec les diff\u00e9rents services de Sciences Po Lille, l\u2019\u00e9quipe enseignante et l\u2019<strong><a rel=\"noreferrer noopener\" href=\"https:\/\/alumni.sciencespo-lille.eu\/\" target=\"_blank\">Association des Alumni<\/a><\/strong>.<\/p>\n\n\n\n<p><strong>La derni\u00e8re conf\u00e9rence de la majeure CeM<\/strong><\/p>\n\n\n\n<ul class=\"wp-block-list\"><li>\u00ab\u00a0Informer et communiquer en temps de guerre : la fabrique de l\u2019information et la guerre en Ukraine\u00a0\u00bb (30 novembre 2022)<\/li><\/ul>\n\n\n\n<p>Le 30 novembre 2022 a eu lieu la conf\u00e9rence annuelle de la Majeure Communication et M\u00e9dias (CEM) de Sciences Po Lille. Elle avait cette ann\u00e9e pour th\u00e8me Informer et communiquer en temps de guerre : la fabrique de l\u2019information et la guerre en Ukraine. L\u2019objectif \u00e9tait ici de comprendre les enjeux d\u2019information et de communication en temps de guerre, en prenant pour cas concret un exemple d\u2019actualit\u00e9 : le conflit en Ukraine. Pour aborder cette th\u00e9matique de fa\u00e7on exhaustive, trois invit\u00e9s au profil diff\u00e9rent ont \u00e9t\u00e9 convi\u00e9 : Gr\u00e9goire Devaux, ancien conseiller communication de la ministre des Arm\u00e9es Florance Parly, Emmanuel Michel, journaliste reporter d\u2018images (JRI) ayant couvert la guerre en Ukraine pour M6, et Nicolas Kaciaf, ma\u00eetre de conf\u00e9rence \u00e0 Sciences Po Lille, sp\u00e9cialis\u00e9 en sociologie du journalisme, des m\u00e9dias et de la communication. Au cours d\u2019un \u00e9change interactif, ces derniers se sont exprim\u00e9s sur l\u2019importance de contr\u00f4ler de l\u2019information et de la communication pour les bellig\u00e9rants, les difficult\u00e9s rencontr\u00e9es par les journalistes sur le terrain et leur impartialit\u00e9 face \u00e0 cette guerre de communication ou encore la lutte contre la d\u00e9sinformation. Cette conf\u00e9rence a \u00e9t\u00e9 organis\u00e9e et anim\u00e9e par Julie Chaussoy, Cl\u00e9mence Mareschal et Hugo Perez, \u00e9l\u00e8ve de 5\u00e8me ann\u00e9e de la Majeure CEM, et supervis\u00e9e par le directeur de ce cursus, Julien Boyadjian.<\/p>\n\n\n\n<div class=\"wp-block-image\"><figure class=\"aligncenter size-full\"><img loading=\"lazy\" decoding=\"async\" width=\"530\" height=\"298\" src=\"https:\/\/cem.sciencespo-lille.eu\/wp-content\/uploads\/2022\/12\/Conf_Cem.png\" alt=\"\" class=\"wp-image-593\" srcset=\"https:\/\/cem.sciencespo-lille.eu\/wp-content\/uploads\/2022\/12\/Conf_Cem.png 530w, https:\/\/cem.sciencespo-lille.eu\/wp-content\/uploads\/2022\/12\/Conf_Cem-300x169.png 300w\" sizes=\"auto, (max-width: 530px) 100vw, 530px\" \/><\/figure><\/div>\n\n\n\n<hr class=\"wp-block-separator has-text-color has-background is-style-wide\" style=\"background-color:#ededed;color:#ededed\"\/>\n\n\n\n<p><strong>Archives des conf\u00e9rences de la majeure CeM<\/strong><\/p>\n\n\n\n<ul class=\"wp-block-list\"><li>\u00ab\u00a0Conseil et m\u00e9c\u00e9nat : les enjeux de la communication\u00a0\u00bb (29 novembre 2018)<\/li><li>\u00ab\u00a0Communication et environnement\u00a0\u00bb (14 octobre 2020)<\/li><li>\u00ab\u00a0M\u00e9dias, pub, espace public : le regard f\u00e9minin en tension dans la communication. <em>Comment les femmes parlent-elles des femmes ?<\/em>\u00a0\u00bb (16 d\u00e9cembre 2020)<\/li><li>\u00ab\u00a0Du luxe \u00e0 la culture, l\u2019image visuelle au c\u0153ur des m\u00e9tiers de la communication\u00a0\u00bb (2 mars 2021)<\/li><li>\u00ab\u00a0Les m\u00e9tiers de la communication : cr\u00e9ation et strat\u00e9gie au service de l&rsquo;int\u00e9r\u00eat g\u00e9n\u00e9ral ?\u00a0\u00bb (30 novembre 2021)<\/li><li>\u00ab\u00a0La politisation des m\u00e9dias. Le cas des cha\u00eenes d&rsquo;information\u00a0\u00bb (9 d\u00e9cembre 2021)<\/li><li>\u00ab\u00a0Communication de crise et enjeux de r\u00e9putation\u00a0\u00bb (8 mars 2022)<\/li><\/ul>\n","protected":false},"excerpt":{"rendered":"<p>Conf\u00e9rences organis\u00e9es par la majeure CeM Chaque semestre, les ambassadeurs et ambassadrices de la majeure CeM organisent des&nbsp;projets, des&nbsp;conf\u00e9rences&nbsp;et des&nbsp;ap\u00e9ros professionnels&nbsp;visant \u00e0 pr\u00e9senter les parcours et m\u00e9tiers accessibles apr\u00e8s votre formation \u00e0 Sciences Po Lille. Au programme :&nbsp;t\u00e9moignages d\u2019alumni, de&nbsp;professionnels&nbsp;et&nbsp;professionnelles,&nbsp;\u00e9changes&nbsp;et&nbsp;r\u00e9ponses \u00e0 toutes vos questions&nbsp;! Ces rencontres sont r\u00e9alis\u00e9es en coop\u00e9ration avec les diff\u00e9rents services de [&hellip;]<\/p>\n","protected":false},"author":1,"featured_media":0,"parent":0,"menu_order":0,"comment_status":"closed","ping_status":"closed","template":"","meta":{"_seopress_robots_primary_cat":"","_seopress_titles_title":"","_seopress_titles_desc":"","_seopress_robots_index":"","ocean_post_layout":"","ocean_both_sidebars_style":"","ocean_both_sidebars_content_width":0,"ocean_both_sidebars_sidebars_width":0,"ocean_sidebar":"0","ocean_second_sidebar":"0","ocean_disable_margins":"enable","ocean_add_body_class":"","ocean_shortcode_before_top_bar":"","ocean_shortcode_after_top_bar":"","ocean_shortcode_before_header":"","ocean_shortcode_after_header":"","ocean_has_shortcode":"","ocean_shortcode_after_title":"","ocean_shortcode_before_footer_widgets":"","ocean_shortcode_after_footer_widgets":"","ocean_shortcode_before_footer_bottom":"","ocean_shortcode_after_footer_bottom":"","ocean_display_top_bar":"default","ocean_display_header":"default","ocean_header_style":"","ocean_center_header_left_menu":"0","ocean_custom_header_template":"0","ocean_custom_logo":0,"ocean_custom_retina_logo":0,"ocean_custom_logo_max_width":0,"ocean_custom_logo_tablet_max_width":0,"ocean_custom_logo_mobile_max_width":0,"ocean_custom_logo_max_height":0,"ocean_custom_logo_tablet_max_height":0,"ocean_custom_logo_mobile_max_height":0,"ocean_header_custom_menu":"0","ocean_menu_typo_font_family":"0","ocean_menu_typo_font_subset":"","ocean_menu_typo_font_size":0,"ocean_menu_typo_font_size_tablet":0,"ocean_menu_typo_font_size_mobile":0,"ocean_menu_typo_font_size_unit":"px","ocean_menu_typo_font_weight":"","ocean_menu_typo_font_weight_tablet":"","ocean_menu_typo_font_weight_mobile":"","ocean_menu_typo_transform":"","ocean_menu_typo_transform_tablet":"","ocean_menu_typo_transform_mobile":"","ocean_menu_typo_line_height":0,"ocean_menu_typo_line_height_tablet":0,"ocean_menu_typo_line_height_mobile":0,"ocean_menu_typo_line_height_unit":"","ocean_menu_typo_spacing":0,"ocean_menu_typo_spacing_tablet":0,"ocean_menu_typo_spacing_mobile":0,"ocean_menu_typo_spacing_unit":"","ocean_menu_link_color":"","ocean_menu_link_color_hover":"","ocean_menu_link_color_active":"","ocean_menu_link_background":"","ocean_menu_link_hover_background":"","ocean_menu_link_active_background":"","ocean_menu_social_links_bg":"","ocean_menu_social_hover_links_bg":"","ocean_menu_social_links_color":"","ocean_menu_social_hover_links_color":"","ocean_disable_title":"default","ocean_disable_heading":"default","ocean_post_title":"","ocean_post_subheading":"","ocean_post_title_style":"","ocean_post_title_background_color":"","ocean_post_title_background":0,"ocean_post_title_bg_image_position":"","ocean_post_title_bg_image_attachment":"","ocean_post_title_bg_image_repeat":"","ocean_post_title_bg_image_size":"","ocean_post_title_height":0,"ocean_post_title_bg_overlay":0.5,"ocean_post_title_bg_overlay_color":"","ocean_disable_breadcrumbs":"default","ocean_breadcrumbs_color":"","ocean_breadcrumbs_separator_color":"","ocean_breadcrumbs_links_color":"","ocean_breadcrumbs_links_hover_color":"","ocean_display_footer_widgets":"default","ocean_display_footer_bottom":"default","ocean_custom_footer_template":"0","footnotes":""},"class_list":["post-279","page","type-page","status-publish","hentry","entry"],"_links":{"self":[{"href":"https:\/\/cem.sciencespo-lille.eu\/index.php\/wp-json\/wp\/v2\/pages\/279","targetHints":{"allow":["GET"]}}],"collection":[{"href":"https:\/\/cem.sciencespo-lille.eu\/index.php\/wp-json\/wp\/v2\/pages"}],"about":[{"href":"https:\/\/cem.sciencespo-lille.eu\/index.php\/wp-json\/wp\/v2\/types\/page"}],"author":[{"embeddable":true,"href":"https:\/\/cem.sciencespo-lille.eu\/index.php\/wp-json\/wp\/v2\/users\/1"}],"replies":[{"embeddable":true,"href":"https:\/\/cem.sciencespo-lille.eu\/index.php\/wp-json\/wp\/v2\/comments?post=279"}],"version-history":[{"count":10,"href":"https:\/\/cem.sciencespo-lille.eu\/index.php\/wp-json\/wp\/v2\/pages\/279\/revisions"}],"predecessor-version":[{"id":596,"href":"https:\/\/cem.sciencespo-lille.eu\/index.php\/wp-json\/wp\/v2\/pages\/279\/revisions\/596"}],"wp:attachment":[{"href":"https:\/\/cem.sciencespo-lille.eu\/index.php\/wp-json\/wp\/v2\/media?parent=279"}],"curies":[{"name":"wp","href":"https:\/\/api.w.org\/{rel}","templated":true}]}}