{"id":19,"date":"2020-11-16T16:09:14","date_gmt":"2020-11-16T15:09:14","guid":{"rendered":"http:\/\/cem.sciencespo-lille.eu\/?page_id=19"},"modified":"2023-12-17T16:08:46","modified_gmt":"2023-12-17T15:08:46","slug":"presentation","status":"publish","type":"page","link":"https:\/\/cem.sciencespo-lille.eu\/","title":{"rendered":"Pr\u00e9sentation de la majeure Communication et M\u00e9dias"},"content":{"rendered":"\n<p>Bienvenue sur le site de la <strong>majeure<\/strong> <strong>Communication et M\u00e9dias (CeM)<\/strong> de Sciences Po Lille.<\/p>\n\n\n\n<div style=\"height:21px\" aria-hidden=\"true\" class=\"wp-block-spacer\"><\/div>\n\n\n\n<h2 class=\"wp-block-heading\" id=\"objectif-de-la-formation\">Objectif de la formation<\/h2>\n\n\n\n<p>La majeure Communication et M\u00e9dias (CeM) questionne les grandes transformations contemporaines du champ m\u00e9diatique (num\u00e9risation, multiplication des canaux de diffusion, mont\u00e9e en puissance des m\u00e9dias sociaux, etc.) et leurs r\u00e9percussions sur le m\u00e9tier de communicant : <mark style=\"background-color:rgba(0, 0, 0, 0)\" class=\"has-inline-color has-black-color\"><strong>Comment penser les relations publiques \u00e0 l\u2019\u00e8re des r\u00e9seaux sociaux et des \u00ab nouveaux influenceurs \u00bb ? Comment g\u00e9rer la r\u00e9putation d\u2019une organisation ou d\u2019une marque dans un contexte o\u00f9 les flux d\u2019informations paraissent incontr\u00f4lables ? La notion de communication de crise a-t-elle encore un sens ?<\/strong><\/mark><br>En mobilisant les acquis les plus r\u00e9cents des sciences sociales (sociologie du num\u00e9rique, \u00e9conomie et droit des m\u00e9dias, sociologie de la r\u00e9ception, s\u00e9miologie, etc.) et en faisant appel \u00e0 un r\u00e9seau de professionnels reconnus du secteur de la communication et des m\u00e9dias, la majeure Communication et M\u00e9dias (CeM) offre aux \u00e9tudiantes et aux \u00e9tudiants les outils leur permettant de saisir et d\u2019appr\u00e9hender ces enjeux dans toute leur complexit\u00e9.<\/p>\n\n\n\n<hr class=\"wp-block-separator has-text-color has-background is-style-wide\" style=\"background-color:#e7ebef;color:#e7ebef\"\/>\n\n\n\n<h2 class=\"wp-block-heading\" id=\"principaux-debouches\">Principaux d\u00e9bouch\u00e9s<\/h2>\n\n\n\n<p>L&rsquo;objectif de la majeure Communication et M\u00e9dias (CeM) est de former aux m\u00e9tiers de la communication et des m\u00e9dias, en France comme \u00e0 l\u2019international.<br>\u00c0 l\u2019issue de la formation, les \u00e9tudiantes et les \u00e9tudiants peuvent pr\u00e9tendre aux fonctions de :<\/p>\n\n\n\n<ul class=\"wp-block-list\"><li>Directeur, directrice de communication<\/li><li>Charg\u00e9, charg\u00e9e de communication<\/li><li>Consultant, consultante en agence de communication<\/li><li>Conseiller, conseill\u00e8re en relations publiques, relations presses, relations m\u00e9dias ou strat\u00e9gie digitale<\/li><li>Charg\u00e9, charg\u00e9e d\u2019\u00e9tudes m\u00e9dias, etc<\/li><li>Responsable de la communication interne, externe ou corporate<\/li><li>Responsable du sponsoring et du m\u00e9c\u00e9nat<\/li><li>Charg\u00e9, charg\u00e9e de mission aupr\u00e8s d\u2019\u00e9lus ou d\u2019associations<\/li><\/ul>\n\n\n\n<hr class=\"wp-block-separator has-text-color has-background is-style-wide\" style=\"background-color:#e7ebef;color:#e7ebef\"\/>\n\n\n\n<h2 class=\"wp-block-heading\" id=\"responsable-de-la-majeure-cem\">Responsable de la majeure CeM<\/h2>\n\n\n\n<div class=\"wp-block-media-text alignwide is-stacked-on-mobile\" style=\"grid-template-columns:33% auto\"><figure class=\"wp-block-media-text__media\"><img loading=\"lazy\" decoding=\"async\" width=\"1024\" height=\"1024\" src=\"https:\/\/cem.sciencespo-lille.eu\/wp-content\/uploads\/2023\/12\/photo_sandrine_leveque_cem-1024x1024.jpg\" alt=\"\" class=\"wp-image-636 size-full\" srcset=\"https:\/\/cem.sciencespo-lille.eu\/wp-content\/uploads\/2023\/12\/photo_sandrine_leveque_cem-1024x1024.jpg 1024w, https:\/\/cem.sciencespo-lille.eu\/wp-content\/uploads\/2023\/12\/photo_sandrine_leveque_cem-300x300.jpg 300w, https:\/\/cem.sciencespo-lille.eu\/wp-content\/uploads\/2023\/12\/photo_sandrine_leveque_cem-150x150.jpg 150w, https:\/\/cem.sciencespo-lille.eu\/wp-content\/uploads\/2023\/12\/photo_sandrine_leveque_cem-768x768.jpg 768w, https:\/\/cem.sciencespo-lille.eu\/wp-content\/uploads\/2023\/12\/photo_sandrine_leveque_cem-1536x1536.jpg 1536w, https:\/\/cem.sciencespo-lille.eu\/wp-content\/uploads\/2023\/12\/photo_sandrine_leveque_cem-2048x2048.jpg 2048w\" sizes=\"auto, (max-width: 1024px) 100vw, 1024px\" \/><\/figure><div class=\"wp-block-media-text__content\">\n<p class=\"has-large-font-size\"><strong>Sandrine L\u00e9v\u00eaque<\/strong><\/p>\n\n\n\n<p><strong>Professeure des Universit\u00e9s en science politique<\/strong> <\/p>\n\n\n\n<p>Domaines de recherche : sociologie de la profession politique, sociologie du genre, sociologie du journalisme, sociologie \u00e9lectorale.<\/p>\n<\/div><\/div>\n\n\n\n<div style=\"height:27px\" aria-hidden=\"true\" class=\"wp-block-spacer\"><\/div>\n\n\n\n<h2 class=\"wp-block-heading\" id=\"edito-du-responsable-de-la-majeure\">\u00c9dito de la responsable de la majeure<\/h2>\n\n\n\n<p class=\"has-drop-cap\">Bienvenue sur le site internet du (cycle) master <em>Communication et M\u00e9dias<\/em> (CeM) ! Il a \u00e9t\u00e9 con\u00e7u avec l\u2019aide pr\u00e9cieuse des \u00e9tudiantes et des \u00e9tudiants de la majeure. Le master est d\u00e9sormais bien install\u00e9 dans l&rsquo;offre de formation de Sciences Po Lille et au-del\u00e0. Il concilie une double approche : celle de la communication et des m\u00e9dias.<\/p>\n\n\n\n<p>Comprendre les <mark style=\"background-color:rgba(0, 0, 0, 0)\" class=\"has-inline-color has-black-color\"><strong>\u00e9volutions contemporaines du champ m\u00e9diatique<\/strong><\/mark> (d\u00e9lin\u00e9arisation et fragmentation de l\u2019audience, recomposition de l\u2019actionnariat des grands groupes, importance des r\u00e9seaux sociaux, etc.) est indispensable si l\u2019on ambitionne aujourd\u2019hui de travailler dans le secteur de la communication. CeM propose ainsi un ensemble coh\u00e9rent d\u2019enseignements qui permettent de comprendre et penser ces \u00e9volutions : <strong><mark style=\"background-color:rgba(0, 0, 0, 0)\" class=\"has-inline-color has-black-color\">sociologie du num\u00e9rique, \u00e9conomie des m\u00e9dias, droit de la communication, etc<\/mark><\/strong>. Ces enseignements, utiles aux futurs communicants, le seront aussi pour les \u00e9tudiantes et les \u00e9tudiants qui souhaitent travailler dans les m\u00e9dias, en tant que charg\u00e9 ou charg\u00e9e d\u2019\u00e9tudes, analyste, responsable \u00e9ditorial, etc. La formation mise sur la <strong><mark style=\"background-color:rgba(0, 0, 0, 0)\" class=\"has-inline-color has-black-color\">polyvalence<\/mark><\/strong> des futurs dipl\u00f4m\u00e9s et se veut \u00e0 cette fin r\u00e9solument g\u00e9n\u00e9raliste, que cela soit en termes de d\u00e9bouch\u00e9s, de secteur, de m\u00e9tiers, etc.<\/p>\n\n\n\n<p> La majeure Communication et M\u00e9dias accorde \u00e9galement une place centrale aux <mark style=\"background-color:rgba(0, 0, 0, 0)\" class=\"has-inline-color has-black-color\"><strong>sciences sociales<\/strong><\/mark>. D\u2019une part car elles aident \u00e0 penser ces \u00e9volutions contemporaines, et d\u2019autre part car elles permettent aux \u00e9tudiantes et aux \u00e9tudiants de d\u00e9velopper des comp\u00e9tences qui sont particuli\u00e8rement valoris\u00e9es et recherch\u00e9es sur le march\u00e9 du travail, telle que la capacit\u00e9 \u00e0 mener une r\u00e9flexion critique, \u00e0 d\u00e9velopper une analyse structur\u00e9e et coh\u00e9rente d\u2019un probl\u00e8me, etc. \u00catre un bon communicant ou une bonne communicante, un bon charg\u00e9 d\u2019\u00e9tudes ou une bonne charg\u00e9e d&rsquo;\u00e9tudes ne se limite pas \u00e0 la ma\u00eetrise des outils techniques ou \u00e0 la connaissance des \u00ab bonne pratiques \u00bb : il s\u2019agit de pouvoir <mark style=\"background-color:rgba(0, 0, 0, 0)\" class=\"has-inline-color has-black-color\"><strong>prendre de la hauteur, de se poser les bonnes questions, de comprendre rapidement le fonctionnement d\u2019un secteur ou d\u2019une organisation<\/strong><\/mark> afin de proposer une v\u00e9ritable r\u00e9flexion strat\u00e9gique. Il s\u2019agit bien l\u00e0 de l\u2019ambition premi\u00e8re de CeM.<\/p>\n\n\n\n<p><\/p>\n\n\n\n<p class=\"has-text-align-right\"><strong>Sandrine L\u00e9v\u00eaque<\/strong><\/p>\n","protected":false},"excerpt":{"rendered":"<p>Bienvenue sur le site de la majeure Communication et M\u00e9dias (CeM) de Sciences Po Lille. Objectif de la formation La majeure Communication et M\u00e9dias (CeM) questionne les grandes transformations contemporaines du champ m\u00e9diatique (num\u00e9risation, multiplication des canaux de diffusion, mont\u00e9e en puissance des m\u00e9dias sociaux, etc.) et leurs r\u00e9percussions sur le m\u00e9tier de communicant : [&hellip;]<\/p>\n","protected":false},"author":1,"featured_media":0,"parent":0,"menu_order":0,"comment_status":"closed","ping_status":"closed","template":"","meta":{"_seopress_robots_primary_cat":"","_seopress_titles_title":"","_seopress_titles_desc":"Bienvenue sur le site de la majeure Communication et M\u00e9dias (CeM) de Sciences Po Lille.","_seopress_robots_index":"","ocean_post_layout":"","ocean_both_sidebars_style":"","ocean_both_sidebars_content_width":0,"ocean_both_sidebars_sidebars_width":0,"ocean_sidebar":"0","ocean_second_sidebar":"0","ocean_disable_margins":"enable","ocean_add_body_class":"","ocean_shortcode_before_top_bar":"","ocean_shortcode_after_top_bar":"","ocean_shortcode_before_header":"","ocean_shortcode_after_header":"","ocean_has_shortcode":"","ocean_shortcode_after_title":"","ocean_shortcode_before_footer_widgets":"","ocean_shortcode_after_footer_widgets":"","ocean_shortcode_before_footer_bottom":"","ocean_shortcode_after_footer_bottom":"","ocean_display_top_bar":"default","ocean_display_header":"default","ocean_header_style":"","ocean_center_header_left_menu":"0","ocean_custom_header_template":"0","ocean_custom_logo":0,"ocean_custom_retina_logo":0,"ocean_custom_logo_max_width":0,"ocean_custom_logo_tablet_max_width":0,"ocean_custom_logo_mobile_max_width":0,"ocean_custom_logo_max_height":0,"ocean_custom_logo_tablet_max_height":0,"ocean_custom_logo_mobile_max_height":0,"ocean_header_custom_menu":"0","ocean_menu_typo_font_family":"0","ocean_menu_typo_font_subset":"","ocean_menu_typo_font_size":0,"ocean_menu_typo_font_size_tablet":0,"ocean_menu_typo_font_size_mobile":0,"ocean_menu_typo_font_size_unit":"px","ocean_menu_typo_font_weight":"","ocean_menu_typo_font_weight_tablet":"","ocean_menu_typo_font_weight_mobile":"","ocean_menu_typo_transform":"","ocean_menu_typo_transform_tablet":"","ocean_menu_typo_transform_mobile":"","ocean_menu_typo_line_height":0,"ocean_menu_typo_line_height_tablet":0,"ocean_menu_typo_line_height_mobile":0,"ocean_menu_typo_line_height_unit":"","ocean_menu_typo_spacing":0,"ocean_menu_typo_spacing_tablet":0,"ocean_menu_typo_spacing_mobile":0,"ocean_menu_typo_spacing_unit":"","ocean_menu_link_color":"","ocean_menu_link_color_hover":"","ocean_menu_link_color_active":"","ocean_menu_link_background":"","ocean_menu_link_hover_background":"","ocean_menu_link_active_background":"","ocean_menu_social_links_bg":"","ocean_menu_social_hover_links_bg":"","ocean_menu_social_links_color":"","ocean_menu_social_hover_links_color":"","ocean_disable_title":"default","ocean_disable_heading":"default","ocean_post_title":"","ocean_post_subheading":"","ocean_post_title_style":"","ocean_post_title_background_color":"","ocean_post_title_background":0,"ocean_post_title_bg_image_position":"","ocean_post_title_bg_image_attachment":"","ocean_post_title_bg_image_repeat":"","ocean_post_title_bg_image_size":"","ocean_post_title_height":0,"ocean_post_title_bg_overlay":0.5,"ocean_post_title_bg_overlay_color":"","ocean_disable_breadcrumbs":"default","ocean_breadcrumbs_color":"","ocean_breadcrumbs_separator_color":"","ocean_breadcrumbs_links_color":"","ocean_breadcrumbs_links_hover_color":"","ocean_display_footer_widgets":"default","ocean_display_footer_bottom":"default","ocean_custom_footer_template":"0","footnotes":""},"class_list":["post-19","page","type-page","status-publish","hentry","entry"],"_links":{"self":[{"href":"https:\/\/cem.sciencespo-lille.eu\/index.php\/wp-json\/wp\/v2\/pages\/19","targetHints":{"allow":["GET"]}}],"collection":[{"href":"https:\/\/cem.sciencespo-lille.eu\/index.php\/wp-json\/wp\/v2\/pages"}],"about":[{"href":"https:\/\/cem.sciencespo-lille.eu\/index.php\/wp-json\/wp\/v2\/types\/page"}],"author":[{"embeddable":true,"href":"https:\/\/cem.sciencespo-lille.eu\/index.php\/wp-json\/wp\/v2\/users\/1"}],"replies":[{"embeddable":true,"href":"https:\/\/cem.sciencespo-lille.eu\/index.php\/wp-json\/wp\/v2\/comments?post=19"}],"version-history":[{"count":47,"href":"https:\/\/cem.sciencespo-lille.eu\/index.php\/wp-json\/wp\/v2\/pages\/19\/revisions"}],"predecessor-version":[{"id":647,"href":"https:\/\/cem.sciencespo-lille.eu\/index.php\/wp-json\/wp\/v2\/pages\/19\/revisions\/647"}],"wp:attachment":[{"href":"https:\/\/cem.sciencespo-lille.eu\/index.php\/wp-json\/wp\/v2\/media?parent=19"}],"curies":[{"name":"wp","href":"https:\/\/api.w.org\/{rel}","templated":true}]}}